{"id":104,"date":"2020-07-20T13:26:20","date_gmt":"2020-07-20T11:26:20","guid":{"rendered":"http:\/\/apparthotel-reims-artdeco.com\/?page_id=104"},"modified":"2021-01-22T16:43:04","modified_gmt":"2021-01-22T15:43:04","slug":"contact","status":"publish","type":"page","link":"https:\/\/apparthotel-reims-artdeco.com\/?page_id=104","title":{"rendered":"Contact"},"content":{"rendered":"<div role=\"form\" class=\"wpcf7\" id=\"wpcf7-f37-o1\" lang=\"fr-FR\" dir=\"ltr\">\n<div class=\"screen-reader-response\"><p role=\"status\" aria-live=\"polite\" aria-atomic=\"true\"><\/p> <ul><\/ul><\/div>\n<form action=\"\/index.php?rest_route=%2Fwp%2Fv2%2Fpages%2F104#wpcf7-f37-o1\" method=\"post\" class=\"wpcf7-form init\" novalidate=\"novalidate\" data-status=\"init\">\n<div style=\"display: none;\">\n<input type=\"hidden\" name=\"_wpcf7\" value=\"37\" \/>\n<input type=\"hidden\" name=\"_wpcf7_version\" value=\"5.6.4\" \/>\n<input type=\"hidden\" name=\"_wpcf7_locale\" value=\"fr_FR\" \/>\n<input type=\"hidden\" name=\"_wpcf7_unit_tag\" value=\"wpcf7-f37-o1\" \/>\n<input type=\"hidden\" name=\"_wpcf7_container_post\" value=\"0\" \/>\n<input type=\"hidden\" name=\"_wpcf7_posted_data_hash\" value=\"\" \/>\n<\/div>\n<p><label> Votre nom (obligatoire)<br \/>\n    <span class=\"wpcf7-form-control-wrap\" data-name=\"your-name\"><input type=\"text\" name=\"your-name\" value=\"\" size=\"40\" class=\"wpcf7-form-control wpcf7-text wpcf7-validates-as-required\" aria-required=\"true\" aria-invalid=\"false\" \/><\/span> <\/label><\/p>\n<p><label> Votre adresse de messagerie (obligatoire)<br \/>\n    <span class=\"wpcf7-form-control-wrap\" data-name=\"your-email\"><input type=\"email\" name=\"your-email\" value=\"\" size=\"40\" class=\"wpcf7-form-control wpcf7-text wpcf7-email wpcf7-validates-as-required wpcf7-validates-as-email\" aria-required=\"true\" aria-invalid=\"false\" \/><\/span> <\/label><\/p>\n<p><label> Objet<br \/>\n    <span class=\"wpcf7-form-control-wrap\" data-name=\"your-subject\"><input type=\"text\" name=\"your-subject\" value=\"\" size=\"40\" class=\"wpcf7-form-control wpcf7-text\" aria-invalid=\"false\" \/><\/span> <\/label><\/p>\n<p><label> Votre message<br \/>\n    <span class=\"wpcf7-form-control-wrap\" data-name=\"your-message\"><textarea name=\"your-message\" cols=\"40\" rows=\"10\" class=\"wpcf7-form-control wpcf7-textarea\" aria-invalid=\"false\"><\/textarea><\/span> <\/label><\/p>\n<p><input type=\"submit\" value=\"Envoyer\" class=\"wpcf7-form-control has-spinner wpcf7-submit\" \/><\/p>\n<p style=\"display: none !important;\" class=\"akismet-fields-container\" data-prefix=\"_wpcf7_ak_\"><label>&#916;<textarea name=\"_wpcf7_ak_hp_textarea\" cols=\"45\" rows=\"8\" maxlength=\"100\"><\/textarea><\/label><input type=\"hidden\" id=\"ak_js_1\" name=\"_wpcf7_ak_js\" value=\"39\"\/><script type=\"text\/javascript\">\n\/* <![CDATA[ *\/\ndocument.getElementById( \"ak_js_1\" ).setAttribute( \"value\", ( new Date() ).getTime() );\n\/* ]]> *\/\n<\/script>\n<\/p><div class=\"wpcf7-response-output\" aria-hidden=\"true\"><\/div><\/form><\/div>\n<p>QUELLE EST L&rsquo;HEURE D&rsquo;ARRIV\u00c9E ET DE D\u00c9PART ?<\/p>\n<p>Le Check-in (arriv\u00e9e dans l&rsquo;appartement) est possible \u00e0 partir de 17H et le Check-out (d\u00e9part de l&rsquo;appartement) doit \u00eatre fait au plus tard \u00e0 11h30. Il est possible d&rsquo;arriver apr\u00e8s 21H moyennant des frais d&rsquo;arriv\u00e9e tardive de 20\u20ac. Il est possible d&rsquo;arriver avant 17H \u00e0 conditions que le m\u00e9nage ait \u00e9t\u00e9 r\u00e9alis\u00e9, veuillez nous contacter pour validation.<\/p>\n<p>Y A T-IL UN CONTRAT DE LOCATION ?<\/p>\n<p>Oui, un contrat de location sera fourni lors de votre arriv\u00e9e. Vous devrez le signer en deux exemplaires.<\/p>\n<p>DOIS-JE PAYER UN ACOMPTE ?<\/p>\n<p>A la r\u00e9servation, le montant de la r\u00e9servation est encaiss\u00e9. En cas d&rsquo;annulation jusqu&rsquo;\u00e0 20 jours avant la date arriv\u00e9e, ce montant vous est int\u00e9gralement rembours\u00e9.<\/p>\n<p>VAIS-JE RECEVOIR UNE FACTURE A L&rsquo;ISSUE DU S\u00c9JOUR ?<\/p>\n<p>Oui, \u00e0 la demande du client, nous fournissons une facture.<\/p>\n<p>ANNULATION DE LOCATION<\/p>\n<p>Aucun remboursement ne sera effectu\u00e9 en cas d&rsquo;annulation dans les 20 jours avant votre arriv\u00e9e dans l&rsquo;appartement.<\/p>\n<p>A QUEL \u00c9TAGE SE SITUE LE LOGEMENT ?<\/p>\n<p>Les appartements se situent au Rez de chauss\u00e9e.<\/p>\n<p>LES ANIMAUX SONT ILS AUTORISES ?<\/p>\n<p>Nous aimons beaucoup les animaux mais ils sont malheureusement interdits dans l&rsquo;appartement pour des raisons d&rsquo;hygi\u00e8ne.<\/p>\n<p>L&rsquo;APPARTEMENT EST IL FUMEUR ?<\/p>\n<p>Il est strictement interdit de fumer dans l&rsquo;appartement (l&rsquo;appartement est \u00e9quip\u00e9 d&rsquo;un d\u00e9tecteur de fum\u00e9e) Nous disposons d&rsquo;une terrasse privative avec un cendrier.<\/p>\n<p>L&rsquo;ensemble de la caution sera retir\u00e9e si une odeur de cigarette persiste dans le logement apr\u00e8s votre d\u00e9part.<\/p>\n<p>QUI CONTACTER EN CAS DE PROBL\u00c8MES ?<\/p>\n<p>Toutes les informations utiles figurent\u00a0 dans le livret d\u2019accueil remis lors de votre arriv\u00e9e.<\/p>\n<p>COMBIEN DE PERSONNES PEUVENT DORMIR DANS L&rsquo;APPARTEMENT ?<\/p>\n<p>L&rsquo;appartement peut accueillir 4 personnes + 1 b\u00e9b\u00e9. Le lit b\u00e9b\u00e9 et la chaise haute seront mis \u00e0 votre disposition sur demande. Il y a un vrai lit (160*200) avec un matelas tr\u00e8s confortable + un vrai canap\u00e9 lit (140*200)<\/p>\n<p>LES SERVIETTES DE BAIN SONT ELLES FOURNIES ?<\/p>\n<p>Oui, des serviettes de bain sont syst\u00e9matiquement fournies.<\/p>\n<p>LE M\u00c9NAGE EST IL INCLUS DANS LE S\u00c9JOUR ?<\/p>\n<p>Un forfait m\u00e9nage est compris dans le prix de la location (35\u20ac par s\u00e9jour)<\/p>\n<p>Cependant, le locataire est tenu de le rendre dans son \u00e9tat d&rsquo;utilisation normale (vaisselle faite, poubelle vid\u00e9e, etc&#8230;)<\/p>\n<p>OU PUIS-JE ME GARER ?<\/p>\n<p>Vous trouverez toutes les information concernant le stationnement dans votre livret d&rsquo;accueil.<\/p>\n<p>&nbsp;<\/p>\n","protected":false},"excerpt":{"rendered":"<p>QUELLE EST L&rsquo;HEURE D&rsquo;ARRIV\u00c9E ET DE D\u00c9PART ? Le Check-in (arriv\u00e9e dans l&rsquo;appartement) est possible \u00e0 partir de 17H et le Check-out (d\u00e9part de l&rsquo;appartement) doit \u00eatre fait au plus tard \u00e0 11h30. Il est possible d&rsquo;arriver apr\u00e8s 21H moyennant des frais d&rsquo;arriv\u00e9e tardive de 20\u20ac. Il est possible d&rsquo;arriver avant 17H \u00e0 conditions que [&hellip;]<\/p>\n","protected":false},"author":1,"featured_media":0,"parent":0,"menu_order":0,"comment_status":"closed","ping_status":"closed","template":"","meta":{"footnotes":""},"class_list":["post-104","page","type-page","status-publish","hentry","post-preview"],"yoast_head":"<!-- This site is optimized with the Yoast SEO plugin v23.5 - https:\/\/yoast.com\/wordpress\/plugins\/seo\/ -->\n<title>Contact - Apparth\u00f4tel-reims-artdeco<\/title>\n<meta name=\"robots\" content=\"index, follow, max-snippet:-1, max-image-preview:large, max-video-preview:-1\" \/>\n<link rel=\"canonical\" href=\"http:\/\/apparthotel-reims-artdeco.com\/?page_id=104\" \/>\n<meta property=\"og:locale\" content=\"fr_FR\" \/>\n<meta property=\"og:type\" content=\"article\" \/>\n<meta property=\"og:title\" content=\"Contact - Apparth\u00f4tel-reims-artdeco\" \/>\n<meta property=\"og:description\" content=\"QUELLE EST L&rsquo;HEURE D&rsquo;ARRIV\u00c9E ET DE D\u00c9PART ? Le Check-in (arriv\u00e9e dans l&rsquo;appartement) est possible \u00e0 partir de 17H et le Check-out (d\u00e9part de l&rsquo;appartement) doit \u00eatre fait au plus tard \u00e0 11h30. Il est possible d&rsquo;arriver apr\u00e8s 21H moyennant des frais d&rsquo;arriv\u00e9e tardive de 20\u20ac. Il est possible d&rsquo;arriver avant 17H \u00e0 conditions que [&hellip;]\" \/>\n<meta property=\"og:url\" content=\"http:\/\/apparthotel-reims-artdeco.com\/?page_id=104\" \/>\n<meta property=\"og:site_name\" content=\"Apparth\u00f4tel-reims-artdeco\" \/>\n<meta property=\"article:modified_time\" content=\"2021-01-22T15:43:04+00:00\" \/>\n<meta name=\"twitter:card\" content=\"summary_large_image\" \/>\n<meta name=\"twitter:label1\" content=\"Dur\u00e9e de lecture estim\u00e9e\" \/>\n\t<meta name=\"twitter:data1\" content=\"2 minutes\" \/>\n<script type=\"application\/ld+json\" class=\"yoast-schema-graph\">{\"@context\":\"https:\/\/schema.org\",\"@graph\":[{\"@type\":\"WebPage\",\"@id\":\"http:\/\/apparthotel-reims-artdeco.com\/?page_id=104\",\"url\":\"http:\/\/apparthotel-reims-artdeco.com\/?page_id=104\",\"name\":\"Contact - Apparth\u00f4tel-reims-artdeco\",\"isPartOf\":{\"@id\":\"https:\/\/apparthotel-reims-artdeco.com\/#website\"},\"datePublished\":\"2020-07-20T11:26:20+00:00\",\"dateModified\":\"2021-01-22T15:43:04+00:00\",\"breadcrumb\":{\"@id\":\"http:\/\/apparthotel-reims-artdeco.com\/?page_id=104#breadcrumb\"},\"inLanguage\":\"fr-FR\",\"potentialAction\":[{\"@type\":\"ReadAction\",\"target\":[\"http:\/\/apparthotel-reims-artdeco.com\/?page_id=104\"]}]},{\"@type\":\"BreadcrumbList\",\"@id\":\"http:\/\/apparthotel-reims-artdeco.com\/?page_id=104#breadcrumb\",\"itemListElement\":[{\"@type\":\"ListItem\",\"position\":1,\"name\":\"Accueil\",\"item\":\"https:\/\/apparthotel-reims-artdeco.com\/\"},{\"@type\":\"ListItem\",\"position\":2,\"name\":\"Contact\"}]},{\"@type\":\"WebSite\",\"@id\":\"https:\/\/apparthotel-reims-artdeco.com\/#website\",\"url\":\"https:\/\/apparthotel-reims-artdeco.com\/\",\"name\":\"Apparth\u00f4tel-reims-artdeco\",\"description\":\"Une exp\u00e9rience unique pour vos s\u00e9jours \u00e0 reims\",\"potentialAction\":[{\"@type\":\"SearchAction\",\"target\":{\"@type\":\"EntryPoint\",\"urlTemplate\":\"https:\/\/apparthotel-reims-artdeco.com\/?s={search_term_string}\"},\"query-input\":{\"@type\":\"PropertyValueSpecification\",\"valueRequired\":true,\"valueName\":\"search_term_string\"}}],\"inLanguage\":\"fr-FR\"}]}<\/script>\n<!-- \/ Yoast SEO plugin. -->","yoast_head_json":{"title":"Contact - Apparth\u00f4tel-reims-artdeco","robots":{"index":"index","follow":"follow","max-snippet":"max-snippet:-1","max-image-preview":"max-image-preview:large","max-video-preview":"max-video-preview:-1"},"canonical":"http:\/\/apparthotel-reims-artdeco.com\/?page_id=104","og_locale":"fr_FR","og_type":"article","og_title":"Contact - Apparth\u00f4tel-reims-artdeco","og_description":"QUELLE EST L&rsquo;HEURE D&rsquo;ARRIV\u00c9E ET DE D\u00c9PART ? Le Check-in (arriv\u00e9e dans l&rsquo;appartement) est possible \u00e0 partir de 17H et le Check-out (d\u00e9part de l&rsquo;appartement) doit \u00eatre fait au plus tard \u00e0 11h30. Il est possible d&rsquo;arriver apr\u00e8s 21H moyennant des frais d&rsquo;arriv\u00e9e tardive de 20\u20ac. Il est possible d&rsquo;arriver avant 17H \u00e0 conditions que [&hellip;]","og_url":"http:\/\/apparthotel-reims-artdeco.com\/?page_id=104","og_site_name":"Apparth\u00f4tel-reims-artdeco","article_modified_time":"2021-01-22T15:43:04+00:00","twitter_card":"summary_large_image","twitter_misc":{"Dur\u00e9e de lecture estim\u00e9e":"2 minutes"},"schema":{"@context":"https:\/\/schema.org","@graph":[{"@type":"WebPage","@id":"http:\/\/apparthotel-reims-artdeco.com\/?page_id=104","url":"http:\/\/apparthotel-reims-artdeco.com\/?page_id=104","name":"Contact - Apparth\u00f4tel-reims-artdeco","isPartOf":{"@id":"https:\/\/apparthotel-reims-artdeco.com\/#website"},"datePublished":"2020-07-20T11:26:20+00:00","dateModified":"2021-01-22T15:43:04+00:00","breadcrumb":{"@id":"http:\/\/apparthotel-reims-artdeco.com\/?page_id=104#breadcrumb"},"inLanguage":"fr-FR","potentialAction":[{"@type":"ReadAction","target":["http:\/\/apparthotel-reims-artdeco.com\/?page_id=104"]}]},{"@type":"BreadcrumbList","@id":"http:\/\/apparthotel-reims-artdeco.com\/?page_id=104#breadcrumb","itemListElement":[{"@type":"ListItem","position":1,"name":"Accueil","item":"https:\/\/apparthotel-reims-artdeco.com\/"},{"@type":"ListItem","position":2,"name":"Contact"}]},{"@type":"WebSite","@id":"https:\/\/apparthotel-reims-artdeco.com\/#website","url":"https:\/\/apparthotel-reims-artdeco.com\/","name":"Apparth\u00f4tel-reims-artdeco","description":"Une exp\u00e9rience unique pour vos s\u00e9jours \u00e0 reims","potentialAction":[{"@type":"SearchAction","target":{"@type":"EntryPoint","urlTemplate":"https:\/\/apparthotel-reims-artdeco.com\/?s={search_term_string}"},"query-input":{"@type":"PropertyValueSpecification","valueRequired":true,"valueName":"search_term_string"}}],"inLanguage":"fr-FR"}]}},"_links":{"self":[{"href":"https:\/\/apparthotel-reims-artdeco.com\/index.php?rest_route=\/wp\/v2\/pages\/104","targetHints":{"allow":["GET"]}}],"collection":[{"href":"https:\/\/apparthotel-reims-artdeco.com\/index.php?rest_route=\/wp\/v2\/pages"}],"about":[{"href":"https:\/\/apparthotel-reims-artdeco.com\/index.php?rest_route=\/wp\/v2\/types\/page"}],"author":[{"embeddable":true,"href":"https:\/\/apparthotel-reims-artdeco.com\/index.php?rest_route=\/wp\/v2\/users\/1"}],"replies":[{"embeddable":true,"href":"https:\/\/apparthotel-reims-artdeco.com\/index.php?rest_route=%2Fwp%2Fv2%2Fcomments&post=104"}],"version-history":[{"count":11,"href":"https:\/\/apparthotel-reims-artdeco.com\/index.php?rest_route=\/wp\/v2\/pages\/104\/revisions"}],"predecessor-version":[{"id":210,"href":"https:\/\/apparthotel-reims-artdeco.com\/index.php?rest_route=\/wp\/v2\/pages\/104\/revisions\/210"}],"wp:attachment":[{"href":"https:\/\/apparthotel-reims-artdeco.com\/index.php?rest_route=%2Fwp%2Fv2%2Fmedia&parent=104"}],"curies":[{"name":"wp","href":"https:\/\/api.w.org\/{rel}","templated":true}]}}